{"id":160,"date":"2019-09-25T07:36:12","date_gmt":"2019-09-25T05:36:12","guid":{"rendered":"http:\/\/www.ohmybox.info\/test\/engaje\/?page_id=2"},"modified":"2019-10-12T16:34:37","modified_gmt":"2019-10-12T14:34:37","slug":"association","status":"publish","type":"page","link":"https:\/\/www.engaje.be\/english\/about\/association\/","title":{"rendered":"The association"},"content":{"rendered":"<h4><strong>En-GAGE ? Ensemble, Groupe d\u2019Aide aux Journalistes Exil\u00e9s<\/strong><\/h4>\n<p>A l\u2019initiative de Jean-Fran\u00e7ois Dumont, ancien secr\u00e9taire g\u00e9n\u00e9ral adjoint de l\u2019Association des journalistes professionnels (AJP), plusieurs acteurs de la FIJ, de l\u2019ULB, de la VUB, de la Ligue des Droits humains, le Cir\u00e9 ont cr\u00e9\u00e9 l\u2019association En-GAJE en d\u00e9cembre dernier afin d\u2019ouvrir \u00e0 Bruxelles un lieu d\u2019accueil pour les journalistes en exil, originaires de pays o\u00f9 ils ne sont plus en s\u00e9curit\u00e9 du fait de leur profession.<\/p>\n<p>Le projet offrira aux journalistes en exil un lieu de rencontres et de reconnaissance, d\u2019information et de services, de travail et de d\u00e9tente.<\/p>\n<p>L\u2019association dispose d\u2019un local au centre de Bruxelles, dans les m\u00eames locaux que ceux de l\u2019AJP et de la VVJ, \u00e0 la \u00ab\u00a0Maison des journalistes\u00a0\u00bb, rue de la Senne. Le lieu est imagin\u00e9 pour briser la solitude de l\u2019exil\u00e9. Celui-ci c\u00f4toie des coll\u00e8gues, belges ou \u00e9trangers. Il noue des contacts professionnels et personnels. Il est consid\u00e9r\u00e9 en tant que journaliste et pas uniquement comme \u00ab\u00a0r\u00e9fugi\u00e9\u00a0\u00bb.<\/p>\n<p>Une premi\u00e8re rencontre a \u00e9t\u00e9 organis\u00e9e le 13 mars avec 19 journalistes en exil qui ont \u00e9nonc\u00e9 quelques-uns des \u00e9cueils qu\u2019ils rencontrent en termes d\u2019accompagnements juridique, social et professionnel. En-GAJE esp\u00e8re leur donner les informations utiles concernant leurs projets de d\u00e9marches aupr\u00e8s des autorit\u00e9s, leurs droits et devoirs, les possibilit\u00e9s de poursuivre ou entamer des activit\u00e9s journalistiques. L\u2019association pourra les orienter vers des services ext\u00e9rieurs qui leur sont accessibles (par ex. des cours de fran\u00e7ais, l\u2019h\u00e9bergement d\u2019urgence, les consultations juridiques\u2026). Un r\u00e9pertoire des juristes et avocats sp\u00e9cialistes de ces questions est constitu\u00e9 \u00e0 ce propos.<\/p>\n<p>Quitter ou fuir son pays pour des motifs professionnels, notamment en raison de ses pratiques journalistiques ou de son travail de journaliste d\u00e9stabilise \u00e9videmment les carri\u00e8res de ces travailleurs des m\u00e9dias. Ils se retrouvent sans travail, parfois m\u00eame sans perspective de continuer \u00e0 se r\u00e9aliser dans leur m\u00e9tier, tout en \u00e9tant parfois encore menac\u00e9s pour celui-ci. Comment rester acteur quand on est journaliste en exil ?<\/p>\n<p>En-GAJE est une toute jeune association, mais elle est d\u00e9j\u00e0 en contact avec pr\u00e8s d\u2019une trentaine de journalistes en exil.<\/p>\n<p><strong>La pr\u00e9sence de ces journalistes d\u2019origines tr\u00e8s diverses doit nous interpeller et nous permettre d\u2019exprimer NOTRE solidarit\u00e9. VOTRE solidarit\u00e9\u00a0: par des soutiens financiers, des propositions de logements ou d\u2019aides juridiques ou administratives, par l\u2019ouverture des salles de r\u00e9daction \u00e0 ces talents \u00e9trangers.<\/strong><\/p>\n","protected":false},"excerpt":{"rendered":"<p>En-GAGE ? Ensemble, Groupe d\u2019Aide aux Journalistes Exil\u00e9s A l\u2019initiative de Jean-Fran\u00e7ois Dumont, ancien secr\u00e9taire g\u00e9n\u00e9ral adjoint de l\u2019Association des journalistes professionnels (AJP), plusieurs acteurs de la FIJ, de l\u2019ULB, de la VUB, de la Ligue des Droits humains, le Cir\u00e9 ont cr\u00e9\u00e9 l\u2019association En-GAJE en d\u00e9cembre dernier afin d\u2019ouvrir \u00e0 Bruxelles un lieu d\u2019accueil [&hellip;]<\/p>\n","protected":false},"author":1,"featured_media":0,"parent":53,"menu_order":0,"comment_status":"closed","ping_status":"closed","template":"","meta":{"footnotes":""},"class_list":["post-160","page","type-page","status-publish","hentry"],"_links":{"self":[{"href":"https:\/\/www.engaje.be\/english\/wp-json\/wp\/v2\/pages\/160","targetHints":{"allow":["GET"]}}],"collection":[{"href":"https:\/\/www.engaje.be\/english\/wp-json\/wp\/v2\/pages"}],"about":[{"href":"https:\/\/www.engaje.be\/english\/wp-json\/wp\/v2\/types\/page"}],"author":[{"embeddable":true,"href":"https:\/\/www.engaje.be\/english\/wp-json\/wp\/v2\/users\/1"}],"replies":[{"embeddable":true,"href":"https:\/\/www.engaje.be\/english\/wp-json\/wp\/v2\/comments?post=160"}],"version-history":[{"count":1,"href":"https:\/\/www.engaje.be\/english\/wp-json\/wp\/v2\/pages\/160\/revisions"}],"predecessor-version":[{"id":181,"href":"https:\/\/www.engaje.be\/english\/wp-json\/wp\/v2\/pages\/160\/revisions\/181"}],"up":[{"embeddable":true,"href":"https:\/\/www.engaje.be\/english\/wp-json\/wp\/v2\/pages\/53"}],"wp:attachment":[{"href":"https:\/\/www.engaje.be\/english\/wp-json\/wp\/v2\/media?parent=160"}],"curies":[{"name":"wp","href":"https:\/\/api.w.org\/{rel}","templated":true}]}}